{"id":38,"date":"2018-02-13T11:38:48","date_gmt":"2018-02-13T11:38:48","guid":{"rendered":"http:\/\/netzforma.org\/?page_id=38"},"modified":"2019-02-05T17:48:18","modified_gmt":"2019-02-05T17:48:18","slug":"leitbild","status":"publish","type":"page","link":"https:\/\/netzforma.org\/en\/ueber-uns\/leitbild","title":{"rendered":"Leitbild"},"content":{"rendered":"<p style=\"text-align: justify;\">Wir verstehen uns als Teil einer demokratischen digitalen Zivilgesellschaft.<\/p>\n<p><strong>Digitalisierung betrifft alle<\/strong>, dennoch profitieren nicht alle gleicherma\u00dfen davon. Deswegen setzen wir uns aus feministischer Perspektive unter anderem f\u00fcr folgende netzpolitische Themen ein:<\/p>\n<ul>\n<li>Gleichberechtigter Zugang zum Internet und digitalen Inhalten<\/li>\n<li>Abbau von Gewaltstrukturen, Schutz vor Gewalt im Netz, Schaffung diskriminierungsfreier R\u00e4ume<\/li>\n<li>Recht auf eigene Daten, Privatsph\u00e4re, Datensicherheit und Datenschutz<\/li>\n<li>Kritische digitale \u00d6ffentlichkeit, Kompetenzerweiterung im Bereich Nutzungs- und Gestaltungsm\u00f6glichkeiten<\/li>\n<li>Zukunftsweisende Urheber*innenrechte<\/li>\n<\/ul>\n<p><strong>Feminismus betrifft alle.<\/strong> Unser Feminismus ist emanzipatorisch und intersektional.<br \/>\nWir stellen uns gegen jegliche Form gruppenbezogener Menschenfeindlichkeit &#8211; f\u00fcr uns z\u00e4hlen die Perspektiven von Betroffenheiten.<br \/>\nLeitend f\u00fcr unser Handeln sind Menschenrechte. Unsere Haltung ist wertsch\u00e4tzend, offen und respektvoll.<\/p>\n<p>Wir arbeiten nicht mit Akteur*innen zusammen, deren \u00f6ffentliche \u00c4u\u00dferungen und Handeln unserem Leitbild widersprechen.<\/p>\n","protected":false},"excerpt":{"rendered":"<p>Wir verstehen uns als Teil einer demokratischen digitalen Zivilgesellschaft. Digitalisierung betrifft alle, dennoch profitieren nicht alle gleicherma\u00dfen davon. Deswegen setzen wir uns aus feministischer Perspektive unter anderem f\u00fcr folgende netzpolitische Themen ein: Gleichberechtigter Zugang zum Internet und digitalen Inhalten Abbau von Gewaltstrukturen, Schutz vor Gewalt im Netz, Schaffung diskriminierungsfreier R\u00e4ume Recht auf eigene Daten, Privatsph\u00e4re, [&hellip;]<\/p>\n","protected":false},"author":1,"featured_media":0,"parent":64,"menu_order":0,"comment_status":"closed","ping_status":"closed","template":"","meta":{"footnotes":""},"class_list":["post-38","page","type-page","status-publish","hentry"],"translation":{"provider":"WPGlobus","version":"3.0.0","language":"en","enabled_languages":["de","en"],"languages":{"de":{"title":true,"content":true,"excerpt":false},"en":{"title":false,"content":false,"excerpt":false}}},"yoast_head":"<!-- This site is optimized with the Yoast SEO plugin v26.3 - https:\/\/yoast.com\/wordpress\/plugins\/seo\/ -->\n<title>Unser Leitbild: netzforma* e.v. - Verein f\u00fcr feministische Netzpolitik<\/title>\n<meta name=\"robots\" content=\"index, follow, max-snippet:-1, max-image-preview:large, max-video-preview:-1\" \/>\n<link rel=\"canonical\" href=\"https:\/\/netzforma.org\/ueber-uns\/leitbild\" \/>\n<meta property=\"og:locale\" content=\"en_US\" \/>\n<meta property=\"og:type\" content=\"article\" \/>\n<meta property=\"og:title\" content=\"Leitbild - Netzforma* e.V.\" \/>\n<meta property=\"og:url\" content=\"https:\/\/netzforma.org\/ueber-uns\/leitbild\" \/>\n<meta property=\"og:site_name\" content=\"Netzforma* e.V.\" \/>\n<meta property=\"article:modified_time\" content=\"2019-02-05T17:48:18+00:00\" \/>\n<meta name=\"twitter:card\" content=\"summary_large_image\" \/>\n<meta name=\"twitter:label1\" content=\"Est. reading time\" \/>\n\t<meta name=\"twitter:data1\" content=\"1 minute\" \/>\n<script type=\"application\/ld+json\" class=\"yoast-schema-graph\">{\"@context\":\"https:\/\/schema.org\",\"@graph\":[{\"@type\":\"WebPage\",\"@id\":\"https:\/\/netzforma.org\/ueber-uns\/leitbild\",\"url\":\"https:\/\/netzforma.org\/ueber-uns\/leitbild\",\"name\":\"Unser Leitbild: netzforma* e.v. - Verein f\u00fcr feministische Netzpolitik\",\"isPartOf\":{\"@id\":\"https:\/\/netzforma.org\/#website\"},\"datePublished\":\"2018-02-13T11:38:48+00:00\",\"dateModified\":\"2019-02-05T17:48:18+00:00\",\"description\":\"Digitalisierung betrifft alle, dennoch profitieren nicht alle gleicherma\u00dfen davon. Deswegen setzen wir uns aus feministischer Perspektive unter anderem f\u00fcr folgende netzpolitische Themen ein.\",\"breadcrumb\":{\"@id\":\"https:\/\/netzforma.org\/ueber-uns\/leitbild#breadcrumb\"},\"inLanguage\":\"en-US\",\"potentialAction\":[{\"@type\":\"ReadAction\",\"target\":[\"https:\/\/netzforma.org\/ueber-uns\/leitbild\"]}]},{\"@type\":\"BreadcrumbList\",\"@id\":\"https:\/\/netzforma.org\/ueber-uns\/leitbild#breadcrumb\",\"itemListElement\":[{\"@type\":\"ListItem\",\"position\":1,\"name\":\"Startseite\",\"item\":\"https:\/\/netzforma.org\/\"},{\"@type\":\"ListItem\",\"position\":2,\"name\":\"\u00dcber Uns\",\"item\":\"https:\/\/netzforma.org\/ueber-uns\"},{\"@type\":\"ListItem\",\"position\":3,\"name\":\"Leitbild\"}]},{\"@type\":\"WebSite\",\"@id\":\"https:\/\/netzforma.org\/#website\",\"url\":\"https:\/\/netzforma.org\/\",\"name\":\"Netzforma* e.V.\",\"description\":\"Verein f\u00fcr feministsiche Netzpolitik\",\"publisher\":{\"@id\":\"https:\/\/netzforma.org\/#organization\"},\"potentialAction\":[{\"@type\":\"SearchAction\",\"target\":{\"@type\":\"EntryPoint\",\"urlTemplate\":\"https:\/\/netzforma.org\/?s={search_term_string}\"},\"query-input\":{\"@type\":\"PropertyValueSpecification\",\"valueRequired\":true,\"valueName\":\"search_term_string\"}}],\"inLanguage\":\"en-US\"},{\"@type\":\"Organization\",\"@id\":\"https:\/\/netzforma.org\/#organization\",\"name\":\"Netzforma* e.V.\",\"url\":\"https:\/\/netzforma.org\/\",\"logo\":{\"@type\":\"ImageObject\",\"inLanguage\":\"en-US\",\"@id\":\"https:\/\/netzforma.org\/#\/schema\/logo\/image\/\",\"url\":\"https:\/\/netzforma.org\/wp-content\/uploads\/2018\/04\/cropped-netzforma_512_quadrat-5.png\",\"contentUrl\":\"https:\/\/netzforma.org\/wp-content\/uploads\/2018\/04\/cropped-netzforma_512_quadrat-5.png\",\"width\":177,\"height\":182,\"caption\":\"Netzforma* e.V.\"},\"image\":{\"@id\":\"https:\/\/netzforma.org\/#\/schema\/logo\/image\/\"}}]}<\/script>\n<!-- \/ Yoast SEO plugin. -->","yoast_head_json":{"title":"Unser Leitbild: netzforma* e.v. - Verein f\u00fcr feministische Netzpolitik","robots":{"index":"index","follow":"follow","max-snippet":"max-snippet:-1","max-image-preview":"max-image-preview:large","max-video-preview":"max-video-preview:-1"},"canonical":"https:\/\/netzforma.org\/ueber-uns\/leitbild","og_locale":"en_US","og_type":"article","og_title":"Leitbild - Netzforma* e.V.","og_url":"https:\/\/netzforma.org\/ueber-uns\/leitbild","og_site_name":"Netzforma* e.V.","article_modified_time":"2019-02-05T17:48:18+00:00","twitter_card":"summary_large_image","twitter_misc":{"Est. reading time":"1 minute"},"schema":{"@context":"https:\/\/schema.org","@graph":[{"@type":"WebPage","@id":"https:\/\/netzforma.org\/ueber-uns\/leitbild","url":"https:\/\/netzforma.org\/ueber-uns\/leitbild","name":"Unser Leitbild: netzforma* e.v. - Verein f\u00fcr feministische Netzpolitik","isPartOf":{"@id":"https:\/\/netzforma.org\/#website"},"datePublished":"2018-02-13T11:38:48+00:00","dateModified":"2019-02-05T17:48:18+00:00","description":"Digitalisierung betrifft alle, dennoch profitieren nicht alle gleicherma\u00dfen davon. Deswegen setzen wir uns aus feministischer Perspektive unter anderem f\u00fcr folgende netzpolitische Themen ein.","breadcrumb":{"@id":"https:\/\/netzforma.org\/ueber-uns\/leitbild#breadcrumb"},"inLanguage":"en-US","potentialAction":[{"@type":"ReadAction","target":["https:\/\/netzforma.org\/ueber-uns\/leitbild"]}]},{"@type":"BreadcrumbList","@id":"https:\/\/netzforma.org\/ueber-uns\/leitbild#breadcrumb","itemListElement":[{"@type":"ListItem","position":1,"name":"Startseite","item":"https:\/\/netzforma.org\/"},{"@type":"ListItem","position":2,"name":"\u00dcber Uns","item":"https:\/\/netzforma.org\/ueber-uns"},{"@type":"ListItem","position":3,"name":"Leitbild"}]},{"@type":"WebSite","@id":"https:\/\/netzforma.org\/#website","url":"https:\/\/netzforma.org\/","name":"Netzforma* e.V.","description":"Verein f\u00fcr feministsiche Netzpolitik","publisher":{"@id":"https:\/\/netzforma.org\/#organization"},"potentialAction":[{"@type":"SearchAction","target":{"@type":"EntryPoint","urlTemplate":"https:\/\/netzforma.org\/?s={search_term_string}"},"query-input":{"@type":"PropertyValueSpecification","valueRequired":true,"valueName":"search_term_string"}}],"inLanguage":"en-US"},{"@type":"Organization","@id":"https:\/\/netzforma.org\/#organization","name":"Netzforma* e.V.","url":"https:\/\/netzforma.org\/","logo":{"@type":"ImageObject","inLanguage":"en-US","@id":"https:\/\/netzforma.org\/#\/schema\/logo\/image\/","url":"https:\/\/netzforma.org\/wp-content\/uploads\/2018\/04\/cropped-netzforma_512_quadrat-5.png","contentUrl":"https:\/\/netzforma.org\/wp-content\/uploads\/2018\/04\/cropped-netzforma_512_quadrat-5.png","width":177,"height":182,"caption":"Netzforma* e.V."},"image":{"@id":"https:\/\/netzforma.org\/#\/schema\/logo\/image\/"}}]}},"jetpack_sharing_enabled":true,"_links":{"self":[{"href":"https:\/\/netzforma.org\/en\/wp-json\/wp\/v2\/pages\/38","targetHints":{"allow":["GET"]}}],"collection":[{"href":"https:\/\/netzforma.org\/en\/wp-json\/wp\/v2\/pages"}],"about":[{"href":"https:\/\/netzforma.org\/en\/wp-json\/wp\/v2\/types\/page"}],"author":[{"embeddable":true,"href":"https:\/\/netzforma.org\/en\/wp-json\/wp\/v2\/users\/1"}],"replies":[{"embeddable":true,"href":"https:\/\/netzforma.org\/en\/wp-json\/wp\/v2\/comments?post=38"}],"version-history":[{"count":13,"href":"https:\/\/netzforma.org\/en\/wp-json\/wp\/v2\/pages\/38\/revisions"}],"predecessor-version":[{"id":388,"href":"https:\/\/netzforma.org\/en\/wp-json\/wp\/v2\/pages\/38\/revisions\/388"}],"up":[{"embeddable":true,"href":"https:\/\/netzforma.org\/en\/wp-json\/wp\/v2\/pages\/64"}],"wp:attachment":[{"href":"https:\/\/netzforma.org\/en\/wp-json\/wp\/v2\/media?parent=38"}],"curies":[{"name":"wp","href":"https:\/\/api.w.org\/{rel}","templated":true}]}}