{"id":1275,"date":"2022-11-12T13:11:59","date_gmt":"2022-11-12T13:11:59","guid":{"rendered":"https:\/\/netzforma.org\/?page_id=1275"},"modified":"2022-12-30T19:26:38","modified_gmt":"2022-12-30T19:26:38","slug":"dossier-care-digitalisierung","status":"publish","type":"page","link":"https:\/\/netzforma.org\/en\/themen\/dossier-care-digitalisierung","title":{"rendered":"Care &#038; Digitalisierung &#8211; Reproduktion in der digitalisierten Gesellschaft. Ein Dossier"},"content":{"rendered":"\n<figure class=\"wp-block-image aligncenter size-large is-style-default\"><img loading=\"lazy\" decoding=\"async\" width=\"1024\" height=\"768\" src=\"https:\/\/netzforma.org\/wp-content\/uploads\/2022\/12\/Key-Visual-1024x768.jpeg\" alt=\"In der Mitte ist ein Smartphone Bildschirm, darin abgebildet, \u00fcber den Bildrand hinausragend sitzt eine Person im Schneidersitz, mit den Armen auf den Knien abgelegt, kurze blonde Haare, blaue Jeans, wei\u00dfes Tshirt. Mit Linien und Icons verkn\u00fcpft gehen weitere Bilder um das Smartphone herum. Unten rechts halten drei Demonstrierende die Verdi Fahnen hoch, dar\u00fcber ist eine Schwarze Faust zu sehen. Dar\u00fcbe recht oben in der Ecke ist ein Bild mit sechs Kacheln von einer Videokonferenz zu sehen. Links oben in der Ecke ist eine \u00c4rztin mit Headscarf zu sehen. Davon geht ein Bild mit drei Pillen ab, darunter eines mit einer Hand, die eine Pille und ein Glas Wasser h\u00e4lt. Darunter ist ein positiver Schwangerschaftsatest sowie ein Eierstock mit eingenisteter Eizelle sowie darunter einem F\u00f6tus im Uterus zu sehen.\" class=\"wp-image-1569\" srcset=\"https:\/\/netzforma.org\/wp-content\/uploads\/2022\/12\/Key-Visual-1024x768.jpeg 1024w, https:\/\/netzforma.org\/wp-content\/uploads\/2022\/12\/Key-Visual-300x225.jpeg 300w, https:\/\/netzforma.org\/wp-content\/uploads\/2022\/12\/Key-Visual-768x576.jpeg 768w, https:\/\/netzforma.org\/wp-content\/uploads\/2022\/12\/Key-Visual-1536x1152.jpeg 1536w, https:\/\/netzforma.org\/wp-content\/uploads\/2022\/12\/Key-Visual-2048x1536.jpeg 2048w\" sizes=\"auto, (max-width: 1024px) 100vw, 1024px\" \/><figcaption class=\"wp-element-caption\">Illustration: <a href=\"https:\/\/netzforma.org\/lucie-langston\">Lucie Langston<\/a><\/figcaption><\/figure>\n\n\n\n<p>(F\u00fcr-)Sorge (Care) als zentraler feministischer Begriff h\u00e4lt nicht erst seit Beginn der COVID-Pandemie 2020 Eingang in zahlreiche wissenschaftliche wie \u00f6ffentliche Diskussionen. Vielmehr stellt er einen grundlegenden Begriff und Ausgangspunkt feministischen Nachdenkens und intersektionaler K\u00e4mpfe der letzten Jahrzehnte dar: F\u00fcrsorge umfasst vielf\u00e4ltige T\u00e4tigkeiten. Aus politisch-feministischer Sicht verweist der Begriff auf spezifische T\u00e4tigkeiten des <i>sich K\u00fcmmerns<\/i> und umfasst dabei ein weites Spektrum. Darunter fallen sowohl der Bereich der Reproduktion und Erziehung \u2013 damit also das Konzept der Elternschaft \u2013, wie auch die Pflege von \u00e4lteren und kranken Menschen sowie Menschen mit Behinderung und dar\u00fcber hinaus vielf\u00e4ltige h\u00e4usliche T\u00e4tigkeiten. Es geht also um die Ver- und Umsorgung von Menschen, aber auch der Umwelt und von materiellen Gegenst\u00e4nden. Obwohl Sorgearbeit die Grundlage allen Wirtschaftens darstellt, ist sie monet\u00e4r nicht entlohnt und wird in den meisten Fallen von Frauen geleistet.<\/p>\n\n\n\n<p>Gegenw\u00e4rtig beobachten wir dabei die Digitalisierung unterschiedlichster Lebens- und T\u00e4tigkeitsbereiche. Es \u00fcberrascht daher wenig, dass auch Care-Arbeit davon nicht unber\u00fchrt bleibt. Man denke da etwa an Pflege- oder Sexroboter oder Apps zur Auslagerung von Haushaltst\u00e4tigkeiten wie Einkaufen, Ern\u00e4hrung und Reinigung (Lieferando, Gorilla, Flink, Helping) sowie an smarte K\u00fchlschr\u00e4nke oder umfassende smart home-Anwendungen. Dabei umfasst die Digitalisierung von Sorge-Arbeit ein gr\u00f6\u00dferes Spektrum als nur die Auslagerung von Arbeit \u2013 die Art und Weise, wie wir sichere Informationen gewinnen, Rollenbilder sich entwickeln und gepr\u00e4gt werden, wie sich F\u00fcrsorge in digitalen R\u00e4umen gestaltet \u2013 genau diesen Aspekten widmet sich das Dossier und versucht so einen erkundenden netzfeministischen Blick auf den Zusammenhang von Sorge-Arbeit und Digitalisierung. <\/p>\n\n\n\n<hr class=\"wp-block-separator has-alpha-channel-opacity\"\/>\n\n\n\n<h2 class=\"wp-block-heading\" style=\"font-style:normal;font-weight:200;text-transform:uppercase\"><strong><span style=\"text-decoration: underline;\">Zu den Beitr\u00e4gen<\/span><\/strong><\/h2>\n\n\n\n<div class=\"wp-block-media-text alignwide is-stacked-on-mobile\" style=\"grid-template-columns:16% auto\"><figure class=\"wp-block-media-text__media\"><a href=\"https:\/\/netzforma.org\/women-on-web-fuer-ein-web-for-women\"><img loading=\"lazy\" decoding=\"async\" width=\"1024\" height=\"768\" src=\"https:\/\/netzforma.org\/wp-content\/uploads\/2022\/12\/Key-Visual-1024x768-17.jpeg\" alt=\"\" class=\"wp-image-1719 size-full\" srcset=\"https:\/\/netzforma.org\/wp-content\/uploads\/2022\/12\/Key-Visual-1024x768-17.jpeg 1024w, https:\/\/netzforma.org\/wp-content\/uploads\/2022\/12\/Key-Visual-1024x768-17-300x225.jpeg 300w, https:\/\/netzforma.org\/wp-content\/uploads\/2022\/12\/Key-Visual-1024x768-17-768x576.jpeg 768w\" sizes=\"auto, (max-width: 1024px) 100vw, 1024px\" \/><\/a><\/figure><div class=\"wp-block-media-text__content\">\n<p><strong><a href=\"https:\/\/netzforma.org\/care-digitalisierung-reproduktion-in-der-digitalisierten-gesellschaft-eine-einleitung\" target=\"_blank\" rel=\"noreferrer noopener\">Einleitung zum Dossier<\/a><\/strong><\/p>\n\n\n\n<p><em>Care und Digitalisierung weben ein Netz vielf\u00e4ltiger Zusammenh\u00e4nge. Umso wichtiger erscheint dabei eine genuin netzfeministische Perspektive, die Sorgearbeit ernst nimmt.<\/em><\/p>\n\n\n\n<p>von <a href=\"https:\/\/netzforma.org\/hannah-lichtenthaeler\" target=\"_blank\" rel=\"noreferrer noopener\">Hannah Lichtenth\u00e4ler <\/a>und <a href=\"https:\/\/netzforma.org\/ann-kathrin-koster\" target=\"_blank\" rel=\"noreferrer noopener\">Ann-Kathrin Koster<\/a><\/p>\n<\/div><\/div>\n\n\n\n<hr class=\"wp-block-separator has-alpha-channel-opacity\"\/>\n\n\n\n<div class=\"wp-block-media-text alignwide is-stacked-on-mobile\" style=\"grid-template-columns:16% auto\"><figure class=\"wp-block-media-text__media\"><a href=\"https:\/\/netzforma.org\/women-on-web-fuer-ein-web-for-women\"><img loading=\"lazy\" decoding=\"async\" width=\"1024\" height=\"752\" src=\"https:\/\/netzforma.org\/wp-content\/uploads\/2022\/12\/Women-on-Web1-1024x752.jpeg\" alt=\"GOOGLE Schriftzug , davon sind drei o's in Pillenform, durch die Buchstaben zieht sich ein Metallkleiderb\u00fcgel in umgekehrt und unter dem Schriftzug spiegeln sich die Buchstaben G und gle.\" class=\"wp-image-1575 size-full\" srcset=\"https:\/\/netzforma.org\/wp-content\/uploads\/2022\/12\/Women-on-Web1-1024x752.jpeg 1024w, https:\/\/netzforma.org\/wp-content\/uploads\/2022\/12\/Women-on-Web1-300x220.jpeg 300w, https:\/\/netzforma.org\/wp-content\/uploads\/2022\/12\/Women-on-Web1-768x564.jpeg 768w, https:\/\/netzforma.org\/wp-content\/uploads\/2022\/12\/Women-on-Web1.jpeg 1203w\" sizes=\"auto, (max-width: 1024px) 100vw, 1024px\" \/><\/a><\/figure><div class=\"wp-block-media-text__content\">\n<p><strong><a href=\"https:\/\/netzforma.org\/women-on-web-fuer-ein-web-for-women\" target=\"_blank\" rel=\"noreferrer noopener\">Women on Web f\u00fcr ein Web for Women<\/a><\/strong><\/p>\n\n\n\n<p><em>Sind Informationen im Internet wirklich f\u00fcr alle verf\u00fcgbar? Wie globale Tech-Unternehmen den Zugang zur sicheren Abtreibungsversorgung erschweren<\/em><\/p>\n\n\n\n<p>von <em><a href=\"https:\/\/netzforma.org\/women-on-web(\u00f6ffnet in neuem Tab)\" target=\"_blank\" rel=\"noreferrer noopener\">Women on Web<\/a><\/em><\/p>\n<\/div><\/div>\n\n\n\n<hr class=\"wp-block-separator has-alpha-channel-opacity\"\/>\n\n\n\n<div class=\"wp-block-media-text alignwide is-stacked-on-mobile\" style=\"grid-template-columns:16% auto\"><figure class=\"wp-block-media-text__media\"><a href=\"https:\/\/netzforma.org\/medikamentoeser-schwangerschaftsabbruch-zuhause-moeglichkeiten-digitaler-unterstuetzung\"><img loading=\"lazy\" decoding=\"async\" width=\"1024\" height=\"673\" src=\"https:\/\/netzforma.org\/wp-content\/uploads\/2022\/12\/Women-on-Web-2-1024x673.jpeg\" alt=\"\" class=\"wp-image-1584 size-full\" srcset=\"https:\/\/netzforma.org\/wp-content\/uploads\/2022\/12\/Women-on-Web-2-1024x673.jpeg 1024w, https:\/\/netzforma.org\/wp-content\/uploads\/2022\/12\/Women-on-Web-2-300x197.jpeg 300w, https:\/\/netzforma.org\/wp-content\/uploads\/2022\/12\/Women-on-Web-2-768x505.jpeg 768w, https:\/\/netzforma.org\/wp-content\/uploads\/2022\/12\/Women-on-Web-2-1536x1010.jpeg 1536w, https:\/\/netzforma.org\/wp-content\/uploads\/2022\/12\/Women-on-Web-2-75x50.jpeg 75w, https:\/\/netzforma.org\/wp-content\/uploads\/2022\/12\/Women-on-Web-2.jpeg 2034w\" sizes=\"auto, (max-width: 1024px) 100vw, 1024px\" \/><\/a><\/figure><div class=\"wp-block-media-text__content\">\n<p><strong><a href=\"https:\/\/netzforma.org\/medikamentoeser-schwangerschaftsabbruch-zuhause-moeglichkeiten-digitaler-unterstuetzung\" target=\"_blank\" rel=\"noreferrer noopener\">Medikament\u00f6ser Schwangerschaftsabbruch zuhause \u2013 M\u00f6glichkeiten digitaler Unterst\u00fctzung<\/a><\/strong><\/p>\n\n\n\n<p><em>Nicht alle Schwangeren wollen Eltern werden \u2013 umso wichtiger ist es, ein sicheres Angebot f\u00fcr Schwangerschaftsabbr\u00fcche zu schaffen und f\u00fcr alle frei zug\u00e4nglich zu gestalten.<\/em><\/p>\n\n\n\n<p>von <a href=\"https:\/\/netzforma.org\/jana-maeffert(\u00f6ffnet in neuem Tab)\" target=\"_blank\" rel=\"noreferrer noopener\">Jana Maeffert<\/a> und <a href=\"https:\/\/netzforma.org\/dani-nikitenko(\u00f6ffnet in neuem Tab)\" target=\"_blank\" rel=\"noreferrer noopener\">Dani Nikitenko<\/a><\/p>\n<\/div><\/div>\n\n\n\n<hr class=\"wp-block-separator has-alpha-channel-opacity\"\/>\n\n\n\n<div class=\"wp-block-media-text alignwide is-stacked-on-mobile\" style=\"grid-template-columns:16% auto\"><figure class=\"wp-block-media-text__media\"><a href=\"https:\/\/netzforma.org\/women-on-web-fuer-ein-web-for-women\"><img loading=\"lazy\" decoding=\"async\" width=\"1024\" height=\"1000\" src=\"https:\/\/netzforma.org\/wp-content\/uploads\/2022\/12\/reproduktive-arbeit_final-1024x1000.jpeg\" alt=\"\" class=\"wp-image-2094 size-full\" srcset=\"https:\/\/netzforma.org\/wp-content\/uploads\/2022\/12\/reproduktive-arbeit_final-1024x1000.jpeg 1024w, https:\/\/netzforma.org\/wp-content\/uploads\/2022\/12\/reproduktive-arbeit_final-300x293.jpeg 300w, https:\/\/netzforma.org\/wp-content\/uploads\/2022\/12\/reproduktive-arbeit_final-768x750.jpeg 768w, https:\/\/netzforma.org\/wp-content\/uploads\/2022\/12\/reproduktive-arbeit_final-1536x1500.jpeg 1536w, https:\/\/netzforma.org\/wp-content\/uploads\/2022\/12\/reproduktive-arbeit_final-2048x1999.jpeg 2048w\" sizes=\"auto, (max-width: 1024px) 100vw, 1024px\" \/><\/a><\/figure><div class=\"wp-block-media-text__content\">\n<p><a href=\"https:\/\/netzforma.org\/digitale-sorgearbeit-und-regenerative-arbeit-eine-vergleichende-perspektive-beider-konzepte\" target=\"_blank\" rel=\"noreferrer noopener\"><strong>Digitale Sorgearbeit und regenerative Arbeit. Ein<\/strong> <strong>Vergleich<\/strong><\/a>.<\/p>\n\n\n\n<p><em>Die Figur der digitalen Hausfrau findet sich vermehrt auf digitalen Plattformen wie Instagram oder Facebook. Ihr T\u00e4tigkeitsfeld umfasst vor allem das stetige Hochladen neuer Beitr\u00e4ge, denn sie ist auf Likes, Klicks und Interaktion mit ihren Follower*innen angewiesen.<\/em><\/p>\n\n\n\n<p>von <a href=\"https:\/\/netzforma.org\/ute-kalender\" target=\"_blank\" rel=\"noreferrer noopener\">Ute Kalender<\/a><\/p>\n<\/div><\/div>\n\n\n\n<hr class=\"wp-block-separator has-alpha-channel-opacity\"\/>\n\n\n\n<div class=\"wp-block-media-text alignwide is-stacked-on-mobile\" style=\"grid-template-columns:16% auto\"><figure class=\"wp-block-media-text__media\"><a href=\"https:\/\/netzforma.org\/women-on-web-fuer-ein-web-for-women\"><img loading=\"lazy\" decoding=\"async\" width=\"1024\" height=\"768\" src=\"https:\/\/netzforma.org\/wp-content\/uploads\/2022\/12\/Key-Visual-1024x768-2.jpeg\" alt=\"\" class=\"wp-image-1698 size-full\" srcset=\"https:\/\/netzforma.org\/wp-content\/uploads\/2022\/12\/Key-Visual-1024x768-2.jpeg 1024w, https:\/\/netzforma.org\/wp-content\/uploads\/2022\/12\/Key-Visual-1024x768-2-300x225.jpeg 300w, https:\/\/netzforma.org\/wp-content\/uploads\/2022\/12\/Key-Visual-1024x768-2-768x576.jpeg 768w\" sizes=\"auto, (max-width: 1024px) 100vw, 1024px\" \/><\/a><\/figure><div class=\"wp-block-media-text__content\">\n<p><strong><a href=\"https:\/\/netzforma.org\/reproduktive-gerechtigkeit-in-der-digitalisierung\" target=\"_blank\" rel=\"noreferrer noopener\">Reproduktive Gerechtigkeit in der Digitalisierung<\/a><\/strong><\/p>\n\n\n\n<p><em>Digitalisierung erleichtert es Menschen Care-Arbeiten zu verrichten. Gleichzeitig stellt sich die Frage, wie es um reproduktive Gerechtigkeit in der digitalen Transformation steht konkret mit Blick auf Reproduktionstechnologien. Gerade in diesem Kontext gilt es, alle Akteur*innen in den Blick zu nehmen und strukturelle Diskriminierung vorzubeugen. Wir m\u00fcssen uns immer wieder die Frage stellen, ob wir das, was technologisch m\u00f6glich ist, wirklich wollen, und welche Interessen dabei in erster Linie vertreten werden.<\/em><\/p>\n\n\n\n<p>von <a href=\"https:\/\/netzforma.org\/derya-binisik\" target=\"_blank\" rel=\"noreferrer noopener\">Derya Bin\u0131\u015f\u0131k<\/a><\/p>\n<\/div><\/div>\n\n\n\n<hr class=\"wp-block-separator has-alpha-channel-opacity\"\/>\n\n\n\n<div class=\"wp-block-media-text alignwide is-stacked-on-mobile\" style=\"grid-template-columns:16% auto\"><figure class=\"wp-block-media-text__media\"><a href=\"https:\/\/netzforma.org\/women-on-web-fuer-ein-web-for-women\"><img loading=\"lazy\" decoding=\"async\" width=\"1024\" height=\"683\" src=\"https:\/\/netzforma.org\/wp-content\/uploads\/2022\/12\/jon-tyson-WaOwBKTiQcg-unsplash-1024x683.jpg\" alt=\"\" class=\"wp-image-1897 size-full\" srcset=\"https:\/\/netzforma.org\/wp-content\/uploads\/2022\/12\/jon-tyson-WaOwBKTiQcg-unsplash-1024x683.jpg 1024w, https:\/\/netzforma.org\/wp-content\/uploads\/2022\/12\/jon-tyson-WaOwBKTiQcg-unsplash-300x200.jpg 300w, https:\/\/netzforma.org\/wp-content\/uploads\/2022\/12\/jon-tyson-WaOwBKTiQcg-unsplash-768x512.jpg 768w, https:\/\/netzforma.org\/wp-content\/uploads\/2022\/12\/jon-tyson-WaOwBKTiQcg-unsplash-1536x1024.jpg 1536w, https:\/\/netzforma.org\/wp-content\/uploads\/2022\/12\/jon-tyson-WaOwBKTiQcg-unsplash-2048x1365.jpg 2048w, https:\/\/netzforma.org\/wp-content\/uploads\/2022\/12\/jon-tyson-WaOwBKTiQcg-unsplash-75x50.jpg 75w, https:\/\/netzforma.org\/wp-content\/uploads\/2022\/12\/jon-tyson-WaOwBKTiQcg-unsplash-750x500.jpg 750w\" sizes=\"auto, (max-width: 1024px) 100vw, 1024px\" \/><\/a><\/figure><div class=\"wp-block-media-text__content\">\n<p><strong><a href=\"https:\/\/netzforma.org\/wie-instagram-zur-retraditionalisierung-der-rollenbilder-beitraegt\" target=\"_blank\" rel=\"noreferrer noopener\">Retraditionalisierung auf Instagram<\/a><\/strong><\/p>\n\n\n\n<p><em>Instagram ist voll von Bildern \u00fcber Schwangerschaft, Kinder und Familie<\/em> <em>\u2013 alles erscheint dort nat\u00fcrlich, idyllisch und perfekt. Wer nach dem chaotischen Familienalltag, der Vereinbarkeitskluft oder kritischen Auseinandersetzungen mit einem modernen Mutterideal sucht, muss wirklich tief graben.<\/em><\/p>\n\n\n\n<p>von <a href=\"https:\/\/netzforma.org\/lisa-trautmann(\u00f6ffnet in neuem Tab)\" target=\"_blank\" rel=\"noreferrer noopener\">Lisa Trautmann<\/a><\/p>\n<\/div><\/div>\n\n\n\n<hr class=\"wp-block-separator has-alpha-channel-opacity\"\/>\n\n\n\n<div class=\"wp-block-media-text alignwide is-stacked-on-mobile\" style=\"grid-template-columns:16% auto\"><figure class=\"wp-block-media-text__media\"><a href=\"https:\/\/netzforma.org\/women-on-web-fuer-ein-web-for-women\"><img loading=\"lazy\" decoding=\"async\" width=\"1024\" height=\"959\" src=\"https:\/\/netzforma.org\/wp-content\/uploads\/2022\/11\/Instamoms-1024x959.jpeg\" alt=\"EIn Smartphone-Bildschirm in der Mitte des Bildes. Drei H\u00e4nde zeigen mit dem Zeigefinger auf das Bild auf dem Bildschirm. Darauf zu sehen ist eine liegende Frau\/weiblich gelesene person mit langen roten Haaren. Sie tr\u00e4gt ein wei\u00dfes Tshirt und eine hellblaue Jeans. Sie liegt auf der Seite und h\u00e4lt mit einer Hand ihr Knie angewinkelt fest, auf dem angewinkelten andern Arm ist ihr Kopf abgelegt. Auf H\u00f6he ihrer Brust liegt ein Baby mit hellblauem Strampler.\" class=\"wp-image-1792 size-full\" srcset=\"https:\/\/netzforma.org\/wp-content\/uploads\/2022\/11\/Instamoms-1024x959.jpeg 1024w, https:\/\/netzforma.org\/wp-content\/uploads\/2022\/11\/Instamoms-300x281.jpeg 300w, https:\/\/netzforma.org\/wp-content\/uploads\/2022\/11\/Instamoms-768x719.jpeg 768w, https:\/\/netzforma.org\/wp-content\/uploads\/2022\/11\/Instamoms-1536x1438.jpeg 1536w, https:\/\/netzforma.org\/wp-content\/uploads\/2022\/11\/Instamoms.jpeg 1674w\" sizes=\"auto, (max-width: 1024px) 100vw, 1024px\" \/><\/a><\/figure><div class=\"wp-block-media-text__content\">\n<p><strong><a href=\"https:\/\/netzforma.org\/instamoms-feminismus-oder-retraditionalisierung\" target=\"_blank\" rel=\"noreferrer noopener\">Instamoms \u2013 Feminismus oder Retraditionalisierung?<\/a><\/strong><\/p>\n\n\n\n<p><em>Mutterschaft auf Instagram ist sch\u00f6n, perfekt und vermittelt ein Bild zum wohlf\u00fchlen. Das ist jedoch alles andere als divers und modern. Stattdessen werden hier alte Traditionen nicht nur wiederbelebt sondern auch mit einer besonderen Brisanz als <\/em>das<em> Mutterideal verkauft.<\/em><\/p>\n\n\n\n<p>von <a href=\"https:\/\/netzforma.org\/friederike-jage-daprile\" target=\"_blank\" rel=\"noreferrer noopener\">Friederike Jage-D\u2019Aprile<\/a><\/p>\n<\/div><\/div>\n\n\n\n<hr class=\"wp-block-separator has-alpha-channel-opacity\"\/>\n\n\n\n<div class=\"wp-block-media-text alignwide is-stacked-on-mobile\" style=\"grid-template-columns:16% auto\"><figure class=\"wp-block-media-text__media\"><a href=\"https:\/\/netzforma.org\/women-on-web-fuer-ein-web-for-women\"><img loading=\"lazy\" decoding=\"async\" width=\"1024\" height=\"768\" src=\"https:\/\/netzforma.org\/wp-content\/uploads\/2022\/12\/Key-Visual-1024x768-5.jpeg\" alt=\"\" class=\"wp-image-1701 size-full\" srcset=\"https:\/\/netzforma.org\/wp-content\/uploads\/2022\/12\/Key-Visual-1024x768-5.jpeg 1024w, https:\/\/netzforma.org\/wp-content\/uploads\/2022\/12\/Key-Visual-1024x768-5-300x225.jpeg 300w, https:\/\/netzforma.org\/wp-content\/uploads\/2022\/12\/Key-Visual-1024x768-5-768x576.jpeg 768w\" sizes=\"auto, (max-width: 1024px) 100vw, 1024px\" \/><\/a><\/figure><div class=\"wp-block-media-text__content\">\n<p><strong><a href=\"https:\/\/netzforma.org\/1525-2\" target=\"_blank\" rel=\"noreferrer noopener\">Trans-Elternschaft im digitalen Raum<\/a><\/strong><\/p>\n\n\n\n<p><em>Neben cis-heteronormativen Familienmodellen bieten soziale Medien auch Platz f\u00fcr eine Vielfalt von Familienmodellen und Communitybuildiung abseits der Norm \u2013 doch das ist alles andere als konfliktfrei und stets dominiert und abh\u00e4ngig von \u00f6konomische Interessen.<\/em><\/p>\n\n\n\n<p>von <a href=\"https:\/\/netzforma.org\/maya\" target=\"_blank\" rel=\"noreferrer noopener\">Maya<\/a><\/p>\n<\/div><\/div>\n\n\n\n<hr class=\"wp-block-separator has-alpha-channel-opacity\"\/>\n\n\n\n<div class=\"wp-block-media-text alignwide is-stacked-on-mobile\" style=\"grid-template-columns:16% auto\"><figure class=\"wp-block-media-text__media\"><a href=\"https:\/\/netzforma.org\/women-on-web-fuer-ein-web-for-women\"><img loading=\"lazy\" decoding=\"async\" width=\"1024\" height=\"640\" src=\"https:\/\/netzforma.org\/wp-content\/uploads\/2022\/12\/1-1024x640.gif\" alt=\"\" class=\"wp-image-1901 size-full\" srcset=\"https:\/\/netzforma.org\/wp-content\/uploads\/2022\/12\/1-1024x640.gif 1024w, https:\/\/netzforma.org\/wp-content\/uploads\/2022\/12\/1-300x188.gif 300w, https:\/\/netzforma.org\/wp-content\/uploads\/2022\/12\/1-768x480.gif 768w\" sizes=\"auto, (max-width: 1024px) 100vw, 1024px\" \/><\/a><\/figure><div class=\"wp-block-media-text__content\">\n<p><a href=\"https:\/\/netzforma.org\/wer-wird-die-menschheit-der-zukunft-zur-welt-bringen\" target=\"_blank\" rel=\"noreferrer noopener\"><strong>Wer wird die Menschheit der Zukunft zur Welt bringen?<\/strong><\/a><\/p>\n\n\n\n<p><em>Die VR-Arbeit \u201eVirtual Wombs\u201c fordert die Vorstellung von Frau- und Muttersein radikal heraus.<\/em> <em>Dieser Artikel ist zuerst im <a href=\"https:\/\/missy-magazine.de\/blog\/2022\/01\/13\/wer-wird-die-menschheit-der-zukunft-zur-welt-bringen\/\" target=\"_blank\" rel=\"noreferrer noopener\">Missy Magazin<\/a> am 13.01.2022 erschienen.<\/em><\/p>\n\n\n\n<p>von <a href=\"https:\/\/netzforma.org\/ulla-heinrich\" target=\"_blank\" rel=\"noreferrer noopener\">Ulla Heinrich<\/a> mit Bildern von <a href=\"https:\/\/netzforma.org\/anan-fries\" target=\"_blank\" rel=\"noreferrer noopener\">Anan Fries<\/a><\/p>\n<\/div><\/div>\n\n\n\n<hr class=\"wp-block-separator has-alpha-channel-opacity\"\/>\n\n\n\n<div class=\"wp-block-media-text alignwide is-stacked-on-mobile\" style=\"grid-template-columns:16% auto\"><figure class=\"wp-block-media-text__media\"><a href=\"https:\/\/netzforma.org\/women-on-web-fuer-ein-web-for-women\"><img loading=\"lazy\" decoding=\"async\" width=\"1024\" height=\"683\" src=\"https:\/\/netzforma.org\/wp-content\/uploads\/2022\/11\/markus-winkler-0nqDYVpy7ws-unsplash-1024x683.jpg\" alt=\"\" class=\"wp-image-1475 size-full\" srcset=\"https:\/\/netzforma.org\/wp-content\/uploads\/2022\/11\/markus-winkler-0nqDYVpy7ws-unsplash-1024x683.jpg 1024w, https:\/\/netzforma.org\/wp-content\/uploads\/2022\/11\/markus-winkler-0nqDYVpy7ws-unsplash-300x200.jpg 300w, https:\/\/netzforma.org\/wp-content\/uploads\/2022\/11\/markus-winkler-0nqDYVpy7ws-unsplash-768x512.jpg 768w, https:\/\/netzforma.org\/wp-content\/uploads\/2022\/11\/markus-winkler-0nqDYVpy7ws-unsplash-1536x1024.jpg 1536w, https:\/\/netzforma.org\/wp-content\/uploads\/2022\/11\/markus-winkler-0nqDYVpy7ws-unsplash-2048x1365.jpg 2048w, https:\/\/netzforma.org\/wp-content\/uploads\/2022\/11\/markus-winkler-0nqDYVpy7ws-unsplash-75x50.jpg 75w, https:\/\/netzforma.org\/wp-content\/uploads\/2022\/11\/markus-winkler-0nqDYVpy7ws-unsplash-750x500.jpg 750w\" sizes=\"auto, (max-width: 1024px) 100vw, 1024px\" \/><\/a><\/figure><div class=\"wp-block-media-text__content\">\n<p><strong><a href=\"https:\/\/netzforma.org\/ki-cant-care\" target=\"_blank\" rel=\"noreferrer noopener\">KI can\u2019t care. M\u00fctterlichkeit im Zeitalter K\u00fcnstlicher Intelligenz<\/a><\/strong><\/p>\n\n\n\n<p><em>Mutterschaft ist in feministischen Diskursen oft ein Randthema. K\u00fcnstliche Intelligenz k\u00f6nnte Wege aufzeigen, wie das Thema aktiver in feministische K\u00e4mpfe eingebunden werden kann. <\/em><\/p>\n\n\n\n<p>von <a href=\"https:\/\/netzforma.org\/hannah-lichtenthaeler\" target=\"_blank\" rel=\"noreferrer noopener\">Hannah Lichtenth\u00e4ler<\/a><\/p>\n<\/div><\/div>\n\n\n\n<hr class=\"wp-block-separator has-alpha-channel-opacity\"\/>\n\n\n\n<div class=\"wp-block-media-text alignwide is-stacked-on-mobile\" style=\"grid-template-columns:16% auto\"><figure class=\"wp-block-media-text__media\"><a href=\"https:\/\/netzforma.org\/women-on-web-fuer-ein-web-for-women\"><img loading=\"lazy\" decoding=\"async\" width=\"1024\" height=\"768\" src=\"https:\/\/netzforma.org\/wp-content\/uploads\/2022\/12\/Key-Visual-1024x768-8.jpeg\" alt=\"\" class=\"wp-image-1704 size-full\" srcset=\"https:\/\/netzforma.org\/wp-content\/uploads\/2022\/12\/Key-Visual-1024x768-8.jpeg 1024w, https:\/\/netzforma.org\/wp-content\/uploads\/2022\/12\/Key-Visual-1024x768-8-300x225.jpeg 300w, https:\/\/netzforma.org\/wp-content\/uploads\/2022\/12\/Key-Visual-1024x768-8-768x576.jpeg 768w\" sizes=\"auto, (max-width: 1024px) 100vw, 1024px\" \/><\/a><\/figure><div class=\"wp-block-media-text__content\">\n<p><strong><a href=\"https:\/\/netzforma.org\/digitale-fursorge-im-freund_innenkreis\" target=\"_blank\" rel=\"noreferrer noopener\">Digitale F\u00fcrsorge im Freund*innenkreis<\/a><\/strong><\/p>\n\n\n\n<p><em>Digitale F\u00fcrsorge umfasst vielf\u00e4ltige T\u00e4tigkeiten \u2013 Inhalte hochladen, kommentieren, liken aber auch gegenseitige Unterst\u00fctzung im Fall von Hasskommentaren oder digitalem Stalking. Was als ganz grundlegende Aspekte des Digitalen daherkommt, muss jedoch als fundamentaler Arbeitseinsatz verstanden werden, der kommerzielle Plattformen am Laufen h\u00e4lt. <\/em><\/p>\n\n\n\n<p>von <a href=\"https:\/\/netzforma.org\/chris-koever\" target=\"_blank\" rel=\"noreferrer noopener\">Chris K\u00f6ver<\/a><\/p>\n<\/div><\/div>\n\n\n\n<hr class=\"wp-block-separator has-alpha-channel-opacity\"\/>\n\n\n\n<div class=\"wp-block-media-text alignwide is-stacked-on-mobile\" style=\"grid-template-columns:16% auto\"><figure class=\"wp-block-media-text__media\"><a href=\"https:\/\/netzforma.org\/women-on-web-fuer-ein-web-for-women\"><img loading=\"lazy\" decoding=\"async\" width=\"1024\" height=\"768\" src=\"https:\/\/netzforma.org\/wp-content\/uploads\/2022\/12\/Key-Visual-1024x768-9.jpeg\" alt=\"\" class=\"wp-image-1705 size-full\" srcset=\"https:\/\/netzforma.org\/wp-content\/uploads\/2022\/12\/Key-Visual-1024x768-9.jpeg 1024w, https:\/\/netzforma.org\/wp-content\/uploads\/2022\/12\/Key-Visual-1024x768-9-300x225.jpeg 300w, https:\/\/netzforma.org\/wp-content\/uploads\/2022\/12\/Key-Visual-1024x768-9-768x576.jpeg 768w\" sizes=\"auto, (max-width: 1024px) 100vw, 1024px\" \/><\/a><\/figure><div class=\"wp-block-media-text__content\">\n<p><strong><a href=\"https:\/\/netzforma.org\/digitalisierte-krankenhaeuser\" target=\"_blank\" rel=\"noreferrer noopener\">Digitalisierte Krankenh\u00e4user<\/a><\/strong><\/p>\n\n\n\n<p><em>Bisher sind in Krankenh\u00e4usern in Deutschland technische Anwendungen noch nicht fl\u00e4chendeckend zu finden. Dabei kann gerade in Kliniken der Einsatz intelligenter Technik gewinnbringend f\u00fcr Sorge- und Pfleget\u00e4tigkeiten sein \u2013 weil sie Arbeit abnimmt, erleichert und so Zeit f\u00fcr prim\u00e4re Sorgearbeit gewonnen werden kann.<\/em> <\/p>\n\n\n\n<p>von <a href=\"https:\/\/netzforma.org\/mandy-mangler\" target=\"_blank\" rel=\"noreferrer noopener\">Mandy Mangler<\/a><\/p>\n<\/div><\/div>\n\n\n\n<hr class=\"wp-block-separator has-alpha-channel-opacity\"\/>\n\n\n\n<div class=\"wp-block-media-text alignwide is-stacked-on-mobile\" style=\"grid-template-columns:16% auto\"><figure class=\"wp-block-media-text__media\"><a href=\"https:\/\/netzforma.org\/women-on-web-fuer-ein-web-for-women\"><img loading=\"lazy\" decoding=\"async\" width=\"1024\" height=\"768\" src=\"https:\/\/netzforma.org\/wp-content\/uploads\/2022\/12\/Key-Visual-1024x768-9.jpeg\" alt=\"\" class=\"wp-image-1705 size-full\" srcset=\"https:\/\/netzforma.org\/wp-content\/uploads\/2022\/12\/Key-Visual-1024x768-9.jpeg 1024w, https:\/\/netzforma.org\/wp-content\/uploads\/2022\/12\/Key-Visual-1024x768-9-300x225.jpeg 300w, https:\/\/netzforma.org\/wp-content\/uploads\/2022\/12\/Key-Visual-1024x768-9-768x576.jpeg 768w\" sizes=\"auto, (max-width: 1024px) 100vw, 1024px\" \/><\/a><\/figure><div class=\"wp-block-media-text__content\">\n<p><strong><a href=\"https:\/\/netzforma.org\/unsicherheit-im-umgang-mit-der-digitalisierung\" target=\"_blank\" rel=\"noreferrer noopener\">Unsicherheiten im Umgang mit der Digitalisierung<\/a><\/strong><\/p>\n\n\n\n<p><em>Im Bereiche von Sorge- und Pflegearbeit besteht gro\u00dfe Unsicherheit mit Blick auf die Digitalisierung von Arbeitsprozessen \u2013 ein Grund daf\u00fcr ist ein fehlender Gesamtansatz.<\/em> <em>Dabei wird vor allem K\u00fcnstliche Intelligenz vielfach als Mittel der Optimierung von Care-Arbeit betrachtet<\/em>, <em>dabei sind diese Technologien nicht frei von Bias und selbst geleitet von \u00f6konomischen Interessen.  <\/em><\/p>\n\n\n\n<p>von <a href=\"https:\/\/netzforma.org\/katharina-mosene\" target=\"_blank\" rel=\"noreferrer noopener\">Katharina Mosene<\/a> <\/p>\n<\/div><\/div>\n\n\n\n<hr class=\"wp-block-separator has-alpha-channel-opacity\"\/>\n\n\n\n<div class=\"wp-block-media-text alignwide is-stacked-on-mobile\" style=\"grid-template-columns:16% auto\"><figure class=\"wp-block-media-text__media\"><a href=\"https:\/\/netzforma.org\/women-on-web-fuer-ein-web-for-women\"><img loading=\"lazy\" decoding=\"async\" width=\"681\" height=\"616\" src=\"https:\/\/netzforma.org\/wp-content\/uploads\/2022\/12\/Schwangeren_Versorgung_uma-1.png\" alt=\"\" class=\"wp-image-1675 size-full\" srcset=\"https:\/\/netzforma.org\/wp-content\/uploads\/2022\/12\/Schwangeren_Versorgung_uma-1.png 681w, https:\/\/netzforma.org\/wp-content\/uploads\/2022\/12\/Schwangeren_Versorgung_uma-1-300x271.png 300w\" sizes=\"auto, (max-width: 681px) 100vw, 681px\" \/><\/a><\/figure><div class=\"wp-block-media-text__content\">\n<p><a href=\"https:\/\/netzforma.org\/digitale-schwangerschaftsbegleitung-fuer-mehr-selbstbestimmung-empathie-und-wissenschaft\" target=\"_blank\" rel=\"noreferrer noopener\"><strong>Digitale Schwangerschaftsbegleitung f\u00fcr mehr Selbstbestimmung, Empathie und Wissenschaft<\/strong><\/a><\/p>\n\n\n\n<p><em><em>Schwangerschaft und Geburt als Sonderf\u00e4lle im digitalen deutschen Gesundheistwesen befeuert alte heteronormative Rollenbilder. Doch feministische Technologien k\u00f6nnen Abhilfe schaffen.<\/em><\/em><\/p>\n\n\n\n<p>von <a href=\"https:\/\/netzforma.org\/mirjam-peters(\u00f6ffnet in neuem Tab)\" target=\"_blank\" rel=\"noreferrer noopener\">Mirjam Peters<\/a><\/p>\n<\/div><\/div>\n\n\n\n<hr class=\"wp-block-separator has-alpha-channel-opacity\"\/>\n\n\n\n<div class=\"wp-block-media-text alignwide is-stacked-on-mobile\" style=\"grid-template-columns:16% auto\"><figure class=\"wp-block-media-text__media\"><a href=\"https:\/\/netzforma.org\/women-on-web-fuer-ein-web-for-women\"><img loading=\"lazy\" decoding=\"async\" width=\"1024\" height=\"682\" src=\"https:\/\/netzforma.org\/wp-content\/uploads\/2022\/12\/stephen-andrews-kHAqo7qXoJw-unsplash-1024x682.jpg\" alt=\"\" class=\"wp-image-1947 size-full\" srcset=\"https:\/\/netzforma.org\/wp-content\/uploads\/2022\/12\/stephen-andrews-kHAqo7qXoJw-unsplash-1024x682.jpg 1024w, https:\/\/netzforma.org\/wp-content\/uploads\/2022\/12\/stephen-andrews-kHAqo7qXoJw-unsplash-300x200.jpg 300w, https:\/\/netzforma.org\/wp-content\/uploads\/2022\/12\/stephen-andrews-kHAqo7qXoJw-unsplash-768x511.jpg 768w, https:\/\/netzforma.org\/wp-content\/uploads\/2022\/12\/stephen-andrews-kHAqo7qXoJw-unsplash-1536x1022.jpg 1536w, https:\/\/netzforma.org\/wp-content\/uploads\/2022\/12\/stephen-andrews-kHAqo7qXoJw-unsplash-2048x1363.jpg 2048w, https:\/\/netzforma.org\/wp-content\/uploads\/2022\/12\/stephen-andrews-kHAqo7qXoJw-unsplash-75x50.jpg 75w, https:\/\/netzforma.org\/wp-content\/uploads\/2022\/12\/stephen-andrews-kHAqo7qXoJw-unsplash-750x500.jpg 750w\" sizes=\"auto, (max-width: 1024px) 100vw, 1024px\" \/><\/a><\/figure><div class=\"wp-block-media-text__content\">\n<p><strong><a href=\"https:\/\/netzforma.org\/digitalisierung-der-hebammenarbeit\" target=\"_blank\" rel=\"noreferrer noopener\">Digitalisierung der Hebammenarbeit<\/a><\/strong><\/p>\n\n\n\n<p><em>Die Digitalisierung k\u00f6nnte die Geburtshilfe erleichtern, doch es mangelt an einem politisch einheitlichem Konzept und der Erkenntnis, dass es nicht reicht, Technologie ohne jene zu gestalten, die sp\u00e4ter damit arbeiten werden.<\/em><\/p>\n\n\n\n<p>von <a href=\"https:\/\/netzforma.org\/luisa-strunk(\u00f6ffnet in neuem Tab)\" target=\"_blank\" rel=\"noreferrer noopener\">Luisa Strunk<\/a><\/p>\n<\/div><\/div>\n\n\n\n<hr class=\"wp-block-separator has-alpha-channel-opacity\"\/>\n\n\n\n<div class=\"wp-block-media-text alignwide is-stacked-on-mobile\" style=\"grid-template-columns:16% auto\"><figure class=\"wp-block-media-text__media\"><a href=\"https:\/\/netzforma.org\/women-on-web-fuer-ein-web-for-women\"><img loading=\"lazy\" decoding=\"async\" width=\"1024\" height=\"807\" src=\"https:\/\/netzforma.org\/wp-content\/uploads\/2022\/12\/hebammenstreik_final-1024x807.jpeg\" alt=\"\" class=\"wp-image-2095 size-full\" srcset=\"https:\/\/netzforma.org\/wp-content\/uploads\/2022\/12\/hebammenstreik_final-1024x807.jpeg 1024w, https:\/\/netzforma.org\/wp-content\/uploads\/2022\/12\/hebammenstreik_final-300x236.jpeg 300w, https:\/\/netzforma.org\/wp-content\/uploads\/2022\/12\/hebammenstreik_final-768x605.jpeg 768w, https:\/\/netzforma.org\/wp-content\/uploads\/2022\/12\/hebammenstreik_final-1536x1210.jpeg 1536w, https:\/\/netzforma.org\/wp-content\/uploads\/2022\/12\/hebammenstreik_final-2048x1613.jpeg 2048w\" sizes=\"auto, (max-width: 1024px) 100vw, 1024px\" \/><\/a><\/figure><div class=\"wp-block-media-text__content\">\n<p><strong><a href=\"https:\/\/netzforma.org\/transparenz-fuer-mehr-selbstbestimmung\" target=\"_blank\" rel=\"noreferrer noopener\">Transparenz f\u00fcr Mehr Selbstbestimmung. H\u00fcrden Sozialer Medien f\u00fcr Hebammenstreik und Sexuelle Aufkl\u00e4rung<\/a><\/strong><\/p>\n\n\n\n<p><em>Soziale Medien bestimmen mit ihren Bilderverboten den Diskurs um Schwangerschaft und Geburt ma\u00dfgeblich mit. Sie helfen damit aber nicht denen die Geb\u00e4ren, sondern pr\u00e4gen das Bild verbotener weiblicher Sexualit\u00e4t. Sexuelle Aufkl\u00e4rungsarbeit ist dringend n\u00f6tig, Online-Angebote k\u00f6nnten dabei helfen.<\/em><\/p>\n\n\n\n<p>von <a href=\"https:\/\/netzforma.org\/francesca-orru\" target=\"_blank\" rel=\"noreferrer noopener\">Francesca Orru<\/a><\/p>\n<\/div><\/div>\n\n\n\n<hr class=\"wp-block-separator has-alpha-channel-opacity\"\/>\n\n\n\n<div class=\"wp-block-media-text alignwide is-stacked-on-mobile\" style=\"grid-template-columns:16% auto\"><figure class=\"wp-block-media-text__media\"><a href=\"https:\/\/netzforma.org\/women-on-web-fuer-ein-web-for-women\"><img loading=\"lazy\" decoding=\"async\" width=\"1024\" height=\"768\" src=\"https:\/\/netzforma.org\/wp-content\/uploads\/2022\/12\/Key-Visual-1024x768-12.jpeg\" alt=\"\" class=\"wp-image-1708 size-full\" srcset=\"https:\/\/netzforma.org\/wp-content\/uploads\/2022\/12\/Key-Visual-1024x768-12.jpeg 1024w, https:\/\/netzforma.org\/wp-content\/uploads\/2022\/12\/Key-Visual-1024x768-12-300x225.jpeg 300w, https:\/\/netzforma.org\/wp-content\/uploads\/2022\/12\/Key-Visual-1024x768-12-768x576.jpeg 768w\" sizes=\"auto, (max-width: 1024px) 100vw, 1024px\" \/><\/a><\/figure><div class=\"wp-block-media-text__content\">\n<p><strong><a href=\"https:\/\/netzforma.org\/zum-verhaeltnis-von-oekonomie-care-arbeit-und-digitalisierung\" target=\"_blank\" rel=\"noreferrer noopener\">Zum Verh\u00e4ltnis von \u00d6konomie, Care-Arbeit und Digitalisierung<\/a><\/strong><\/p>\n\n\n\n<p><em>\u00d6konomisierung und Digitalisierung sind eng miteinander verwobene Prozesse. Umso wichtiger ist es, mit der historischen Entwicklung, wonach gesellschaftlicher Wohlstand auf einem ungleichen Geschlechterverh\u00e4ltnis fu\u00dft, zu brechen und diese nicht in einer digitalisierten Gesellschaft fortzuschreiben. <\/em><\/p>\n\n\n\n<p>von <a href=\"https:\/\/netzforma.org\/lena-weber\" target=\"_blank\" rel=\"noreferrer noopener\">Lena Weber<\/a><\/p>\n<\/div><\/div>\n\n\n\n<hr class=\"wp-block-separator has-alpha-channel-opacity\"\/>\n\n\n\n<div class=\"wp-block-media-text alignwide is-stacked-on-mobile\" style=\"grid-template-columns:16% auto\"><figure class=\"wp-block-media-text__media\"><a href=\"https:\/\/netzforma.org\/women-on-web-fuer-ein-web-for-women\"><img loading=\"lazy\" decoding=\"async\" width=\"1024\" height=\"768\" src=\"https:\/\/netzforma.org\/wp-content\/uploads\/2022\/12\/Key-Visual-1024x768-13.jpeg\" alt=\"\" class=\"wp-image-1709 size-full\" srcset=\"https:\/\/netzforma.org\/wp-content\/uploads\/2022\/12\/Key-Visual-1024x768-13.jpeg 1024w, https:\/\/netzforma.org\/wp-content\/uploads\/2022\/12\/Key-Visual-1024x768-13-300x225.jpeg 300w, https:\/\/netzforma.org\/wp-content\/uploads\/2022\/12\/Key-Visual-1024x768-13-768x576.jpeg 768w\" sizes=\"auto, (max-width: 1024px) 100vw, 1024px\" \/><\/a><\/figure><div class=\"wp-block-media-text__content\">\n<p><strong><a href=\"https:\/\/netzforma.org\/die-sichtbarkeit-von-sorge-arbeit-in-digitalen-raeumen\" target=\"_blank\" rel=\"noreferrer noopener\">Die Sichtbarkeit von Sorge-Arbeit in digitalen R\u00e4umen<\/a><\/strong><\/p>\n\n\n\n<p><em>Damit sich etwas \u00e4ndert, m\u00fcssen wir mehr \u00fcber die vielf\u00e4ltigen Gesichter und Aspekte von Care-Arbeit sprechen. Soziale Medien haben einen enormen Beitrag geleistet Sorge-Arbeit zu Entprivatisieren und diese als Basis allen wirtschaftens sichtbar zu machen. <\/em><\/p>\n\n\n\n<p>von <a href=\"https:\/\/netzforma.org\/jo-luecke\" target=\"_blank\" rel=\"noreferrer noopener\">Jo L\u00fccke<\/a><\/p>\n<\/div><\/div>\n\n\n\n<hr class=\"wp-block-separator has-alpha-channel-opacity\"\/>\n\n\n\n<div class=\"wp-block-media-text alignwide is-stacked-on-mobile\" style=\"grid-template-columns:16% auto\"><figure class=\"wp-block-media-text__media\"><a href=\"https:\/\/netzforma.org\/women-on-web-fuer-ein-web-for-women\"><img loading=\"lazy\" decoding=\"async\" width=\"1024\" height=\"768\" src=\"https:\/\/netzforma.org\/wp-content\/uploads\/2022\/12\/Key-Visual-1024x768-14.jpeg\" alt=\"\" class=\"wp-image-1710 size-full\" srcset=\"https:\/\/netzforma.org\/wp-content\/uploads\/2022\/12\/Key-Visual-1024x768-14.jpeg 1024w, https:\/\/netzforma.org\/wp-content\/uploads\/2022\/12\/Key-Visual-1024x768-14-300x225.jpeg 300w, https:\/\/netzforma.org\/wp-content\/uploads\/2022\/12\/Key-Visual-1024x768-14-768x576.jpeg 768w\" sizes=\"auto, (max-width: 1024px) 100vw, 1024px\" \/><\/a><\/figure><div class=\"wp-block-media-text__content\">\n<p><strong><a href=\"https:\/\/netzforma.org\/digitale-tools-fuer-gerechtere-verteilung-von-sorge-arbeit\" target=\"_blank\" rel=\"noreferrer noopener\">Digitale Tools f\u00fcr gerechte(re) Verteilung von Sorge-Arbeit<\/a><\/strong><\/p>\n\n\n\n<p><em>Sorge-Arbeit ist bis heute vergeschlechtlicht \u2013 sie wird in erster Linie von Frauen geleistet. In der Digitalisierung kann dabei eine Chance, liegen Sorge-Arbeit neu und gerechter zu gestalten \u2013 etwa indem uns digitale Tools dabei helfen, (un-)gerechte Aufgabenverteilungen nachzuverfolgen und die vielf\u00e4ltigen Aufgaben sichtbar zu machen. <\/em><\/p>\n\n\n\n<p>von <a href=\"https:\/\/netzforma.org\/johanna-froehlich-zapata\" target=\"_blank\" rel=\"noreferrer noopener\">Johanna Fr\u00f6hlich Zapata<\/a><\/p>\n<\/div><\/div>\n\n\n\n<hr class=\"wp-block-separator has-alpha-channel-opacity\"\/>\n\n\n\n<div class=\"wp-block-media-text alignwide is-stacked-on-mobile\" style=\"grid-template-columns:15% auto\"><figure class=\"wp-block-media-text__media\"><a href=\"https:\/\/netzforma.org\/women-on-web-fuer-ein-web-for-women\"><img loading=\"lazy\" decoding=\"async\" width=\"1707\" height=\"2560\" src=\"https:\/\/netzforma.org\/wp-content\/uploads\/2022\/12\/xu-haiwei-I7AoyYHrb0o-unsplash-scaled.jpg\" alt=\"\" class=\"wp-image-2036 size-full\" srcset=\"https:\/\/netzforma.org\/wp-content\/uploads\/2022\/12\/xu-haiwei-I7AoyYHrb0o-unsplash-scaled.jpg 1707w, https:\/\/netzforma.org\/wp-content\/uploads\/2022\/12\/xu-haiwei-I7AoyYHrb0o-unsplash-200x300.jpg 200w, https:\/\/netzforma.org\/wp-content\/uploads\/2022\/12\/xu-haiwei-I7AoyYHrb0o-unsplash-683x1024.jpg 683w, https:\/\/netzforma.org\/wp-content\/uploads\/2022\/12\/xu-haiwei-I7AoyYHrb0o-unsplash-768x1152.jpg 768w, https:\/\/netzforma.org\/wp-content\/uploads\/2022\/12\/xu-haiwei-I7AoyYHrb0o-unsplash-1024x1536.jpg 1024w, https:\/\/netzforma.org\/wp-content\/uploads\/2022\/12\/xu-haiwei-I7AoyYHrb0o-unsplash-1365x2048.jpg 1365w, https:\/\/netzforma.org\/wp-content\/uploads\/2022\/12\/xu-haiwei-I7AoyYHrb0o-unsplash-360x540.jpg 360w\" sizes=\"auto, (max-width: 1707px) 100vw, 1707px\" \/><\/a><\/figure><div class=\"wp-block-media-text__content\">\n<p><strong><a href=\"https:\/\/netzforma.org\/harmonys-future-no-future-w-o-harmony\" target=\"_blank\" rel=\"noreferrer noopener\">Harmony\u2019s Future | No Future w\/o Harmony&nbsp;<\/a><\/strong><\/p>\n\n\n\n<p><em>Die wissenschaftliche Diskussion um Sexrobotik ist zumeist polarisiert. Eine Perspektive bietet Constanze Erhard, in dem sie vorschl\u00e4gt, in Bezug auf Sexbots von sexualisierter Care-Arbeit zu sprechen, um damit die (den Sexbots) zugrundeliegenden vergeschlechtlichten Herrschaftsverh\u00e4ltnisse besser fassen zu k\u00f6nnen und so zum&nbsp;Ausgangspunkt einer feministischen Analyse&nbsp;zu machen.<\/em><\/p>\n\n\n\n<p>von <a href=\"https:\/\/netzforma.org\/constanze-erhard\" target=\"_blank\" rel=\"noreferrer noopener\">Constanze Erhard<\/a><\/p>\n<\/div><\/div>\n\n\n\n<hr class=\"wp-block-separator has-alpha-channel-opacity\"\/>\n\n\n\n<div class=\"wp-block-media-text alignwide is-stacked-on-mobile\" style=\"grid-template-columns:16% auto\"><figure class=\"wp-block-media-text__media\"><a href=\"https:\/\/netzforma.org\/women-on-web-fuer-ein-web-for-women\"><img loading=\"lazy\" decoding=\"async\" width=\"1024\" height=\"768\" src=\"https:\/\/netzforma.org\/wp-content\/uploads\/2022\/12\/Key-Visual-1024x768-16.jpeg\" alt=\"\" class=\"wp-image-1712 size-full\" srcset=\"https:\/\/netzforma.org\/wp-content\/uploads\/2022\/12\/Key-Visual-1024x768-16.jpeg 1024w, https:\/\/netzforma.org\/wp-content\/uploads\/2022\/12\/Key-Visual-1024x768-16-300x225.jpeg 300w, https:\/\/netzforma.org\/wp-content\/uploads\/2022\/12\/Key-Visual-1024x768-16-768x576.jpeg 768w\" sizes=\"auto, (max-width: 1024px) 100vw, 1024px\" \/><\/a><\/figure><div class=\"wp-block-media-text__content\">\n<p><strong><a href=\"https:\/\/netzforma.org\/digitalisierung-braucht-care-arbeit\" target=\"_blank\" rel=\"noreferrer noopener\">Digitalisierung braucht Care-Arbeit<\/a><\/strong><\/p>\n\n\n\n<p><em>Was wir unter Digitalisierung verstehen ist selbst in hohem Ma\u00dfe auf f\u00fcrsorgliche T\u00e4tigkeiten angewiesen. Das, was gemeinhin unter Digitalisierung verstanden wird \u2013 algorithmische Systeme, soziale Medien und Newsfeeds \u2013, basieren auf von Menschen geleisteten Care-Arbeiten. Das schlie\u00dft Menschen mit Behinderung nicht aus. <\/em><\/p>\n\n\n\n<p>von <a href=\"https:\/\/netzforma.org\/katharina-klappheck\" target=\"_blank\" rel=\"noreferrer noopener\">Katharina Klappheck<\/a><\/p>\n<\/div><\/div>\n\n\n\n<hr class=\"wp-block-separator has-alpha-channel-opacity\"\/>\n\n\n\n<div class=\"wp-block-media-text alignwide is-stacked-on-mobile\" style=\"grid-template-columns:16% auto\"><figure class=\"wp-block-media-text__media\"><a href=\"https:\/\/netzforma.org\/women-on-web-fuer-ein-web-for-women\"><img loading=\"lazy\" decoding=\"async\" width=\"1024\" height=\"832\" src=\"https:\/\/netzforma.org\/wp-content\/uploads\/2022\/12\/image2-1024x832.jpeg\" alt=\"In der Mitte liegt ein Smartphone mit schwarzem Bildschirm, darauf zwei Chatnachrichten. Die erste sagt &quot;You are not alone&quot; um 14:51 Uhr, danach die &quot;I am here for you&quot; um 14:52. Zwei H\u00e4nde mit braunem Nagellack sind neben dem Smartphone, die rechte Hand hebt den Zeigefinger zum Scrollen an.\" class=\"wp-image-2117 size-full\" srcset=\"https:\/\/netzforma.org\/wp-content\/uploads\/2022\/12\/image2-1024x832.jpeg 1024w, https:\/\/netzforma.org\/wp-content\/uploads\/2022\/12\/image2-300x244.jpeg 300w, https:\/\/netzforma.org\/wp-content\/uploads\/2022\/12\/image2-768x624.jpeg 768w, https:\/\/netzforma.org\/wp-content\/uploads\/2022\/12\/image2-1536x1248.jpeg 1536w, https:\/\/netzforma.org\/wp-content\/uploads\/2022\/12\/image2.jpeg 1746w\" sizes=\"auto, (max-width: 1024px) 100vw, 1024px\" \/><\/a><\/figure><div class=\"wp-block-media-text__content\">\n<p><strong><a href=\"https:\/\/netzforma.org\/chatbot-gegen-einsamkeit\" target=\"_blank\" rel=\"noreferrer noopener\">Chatbot gegen Einsamkeit<\/a><\/strong><\/p>\n\n\n\n<p><em>Einsamkeit ist ein aktuelles Thema. Dabei gewinnt zunehmend die Frage an Relevanz, ob Roboter uns dabei helfen k\u00f6nnen, uns weniger allein zu f\u00fchlen. Was es hei\u00dft eine Freundschaft mit einer Maschine zu schlie\u00dfen, lotet der Beitrag auf und zeigt dabei m\u00f6gliche Probleme und Grenzen auf. <\/em><\/p>\n\n\n\n<p>von <a href=\"https:\/\/netzforma.org\/paula-ziethmann\" target=\"_blank\" rel=\"noreferrer noopener\">Paula Ziethmann<\/a><\/p>\n<\/div><\/div>\n\n\n\n<hr class=\"wp-block-separator has-alpha-channel-opacity\"\/>\n\n\n\n<div class=\"wp-block-cover alignleft has-custom-content-position is-position-top-center\" style=\"min-height:535px;aspect-ratio:unset;\"><span aria-hidden=\"true\" class=\"wp-block-cover__background has-background-dim\"><\/span><img loading=\"lazy\" decoding=\"async\" width=\"1024\" height=\"684\" class=\"wp-block-cover__image-background wp-image-2050\" alt=\"\" src=\"https:\/\/netzforma.org\/wp-content\/uploads\/2022\/12\/christina-wocintechchat-com-UIqpEPaiHQM-unsplash-1-1024x684.jpg\" data-object-fit=\"cover\" srcset=\"https:\/\/netzforma.org\/wp-content\/uploads\/2022\/12\/christina-wocintechchat-com-UIqpEPaiHQM-unsplash-1-1024x684.jpg 1024w, https:\/\/netzforma.org\/wp-content\/uploads\/2022\/12\/christina-wocintechchat-com-UIqpEPaiHQM-unsplash-1-300x200.jpg 300w, https:\/\/netzforma.org\/wp-content\/uploads\/2022\/12\/christina-wocintechchat-com-UIqpEPaiHQM-unsplash-1-768x513.jpg 768w, https:\/\/netzforma.org\/wp-content\/uploads\/2022\/12\/christina-wocintechchat-com-UIqpEPaiHQM-unsplash-1-1536x1025.jpg 1536w, https:\/\/netzforma.org\/wp-content\/uploads\/2022\/12\/christina-wocintechchat-com-UIqpEPaiHQM-unsplash-1-2048x1367.jpg 2048w, https:\/\/netzforma.org\/wp-content\/uploads\/2022\/12\/christina-wocintechchat-com-UIqpEPaiHQM-unsplash-1-75x50.jpg 75w, https:\/\/netzforma.org\/wp-content\/uploads\/2022\/12\/christina-wocintechchat-com-UIqpEPaiHQM-unsplash-1-750x500.jpg 750w\" sizes=\"auto, (max-width: 1024px) 100vw, 1024px\" \/><div class=\"wp-block-cover__inner-container is-layout-flow wp-block-cover-is-layout-flow\">\n<p class=\"has-text-align-center has-white-color has-text-color has-large-font-size\" style=\"font-style:normal;font-weight:300;text-transform:uppercase\"><a href=\"https:\/\/netzforma.org\/autor_innen\" target=\"_blank\" rel=\"noreferrer noopener\">Alle Autor*innen<\/a><\/p>\n<\/div><\/div>\n\n\n\n<h2 class=\"has-medium-font-size wp-block-heading\" style=\"font-style:normal;font-weight:100;text-transform:uppercase\"><strong><span style=\"text-decoration: underline;\">Weiterf\u00fchrende Literatur &amp; Links<\/span><\/strong><\/h2>\n\n\n\n<div class=\"wp-block-columns has-black-color has-cyan-bluish-gray-background-color has-text-color has-background is-layout-flex wp-container-core-columns-is-layout-28f84493 wp-block-columns-is-layout-flex\">\n<div class=\"wp-block-column has-small-font-size is-layout-flow wp-block-column-is-layout-flow\" style=\"font-style:normal;font-weight:200\">\n<ul class=\"wp-block-list\">\n<li><a href=\"https:\/\/www.beltz.de\/fachmedien\/soziologie\/produkte\/details\/48702-care-arbeit-und-gender-in-der-digitalen-transformation.html\" target=\"_blank\" rel=\"noreferrer noopener\">Care-Arbeit und Gender in der digitalen Transformation (2022), Hrsg. Mara Kastein und Lena Weber<\/a><\/li>\n\n\n\n<li><a href=\"https:\/\/www.wallstein-verlag.de\/9783835350489-reproduktionstechnologien.html\" target=\"_blank\" rel=\"noreferrer noopener\">Reproduktionstechnologien. Queere Perspektiven und reproduktive Gerechtigkeit (2021), Hrsg. G\u00fclden Ediger, Anthea Kyere, Ute Kalender, Valle Mazzaferro<\/a><\/li>\n\n\n\n<li><a href=\"https:\/\/equalcareday.de\/mental-load\/\" target=\"_blank\" rel=\"noreferrer noopener\">Equal Care Day<\/a><\/li>\n\n\n\n<li><a href=\"https:\/\/alltagsfeminismus.de\/carerechner\/\" target=\"_blank\" rel=\"noreferrer noopener\">Care Rechner<\/a><\/li>\n\n\n\n<li><a href=\"https:\/\/www.gwi-boell.de\/de\/reproduktive-gerechtigkeit\" target=\"_blank\" rel=\"noreferrer noopener\">Reproduktive Gerechtigkeit (Gunda-Werner-Institut)<\/a><\/li>\n\n\n\n<li><a href=\"http:\/\/Podcast-Folge: Die digitale Hausfrau (netzpolitik.org)\" target=\"_blank\" rel=\"noreferrer noopener\">Podcast-Folge: Die digitale Hausfrau (netzpolitik.org)<\/a><\/li>\n\n\n\n<li><a href=\"https:\/\/gender-mediathek.de\/de\/feministische-netzpolitik\" target=\"_blank\" rel=\"noreferrer noopener\">Medien zu Feministischer Netzpolitik (Gunda-Werner-Institut)<\/a><\/li>\n\n\n\n<li><a href=\"http:\/\/Podcast-Folge: Feminismus ist systemrelevant. Schwangerschaft im Ausnahmezustand (Gunda-Werner-Institut)\" target=\"_blank\" rel=\"noreferrer noopener\">Podcast-Folge: Feminismus ist systemrelevant. Schwangerschaft im Ausnahmezustand (Gunda-Werner-Institut)<\/a><\/li>\n\n\n\n<li><a href=\"https:\/\/hauptstadtmutti.de\/feministische-schwangerschaftsapp-wissenschaft-ehrlichkeit-selbstbestimmung\/\" target=\"_blank\" rel=\"noreferrer noopener\">Feministische Schwangerschaftsapp? Wissenschaft, Ehrlichkeit &amp; Selbstbestimmung (Hauptstadtmutti)<\/a><\/li>\n\n\n\n<li><a href=\"https:\/\/doi.org\/10.1515\/fs-2013-0207\" target=\"_blank\" rel=\"noreferrer noopener\">Von \u203ahelfenden H\u00e4nden\u2039 in Robotik und Krankenhaus : Zur Bedeutung einzelner Handgriffe in aktuellen Aushandlungen um Pflege. (2013), K\u00e4the von Bose und Pat Treusch<\/a><\/li>\n<\/ul>\n<\/div>\n<\/div>\n\n\n\n<hr class=\"wp-block-separator has-alpha-channel-opacity\"\/>\n\n\n\n<div class=\"wp-block-columns alignwide is-layout-flex wp-container-core-columns-is-layout-28f84493 wp-block-columns-is-layout-flex\">\n<div class=\"wp-block-column is-layout-flow wp-block-column-is-layout-flow\" style=\"flex-basis:50%\">\n<figure class=\"wp-block-image\"><img loading=\"lazy\" decoding=\"async\" width=\"1024\" height=\"293\" src=\"https:\/\/netzforma.org\/wp-content\/uploads\/2022\/12\/LZ_Logo_H_GF_RGB-1024x293.png\" alt=\"\" class=\"wp-image-1770\" srcset=\"https:\/\/netzforma.org\/wp-content\/uploads\/2022\/12\/LZ_Logo_H_GF_RGB-1024x293.png 1024w, https:\/\/netzforma.org\/wp-content\/uploads\/2022\/12\/LZ_Logo_H_GF_RGB-300x86.png 300w, https:\/\/netzforma.org\/wp-content\/uploads\/2022\/12\/LZ_Logo_H_GF_RGB-768x220.png 768w, https:\/\/netzforma.org\/wp-content\/uploads\/2022\/12\/LZ_Logo_H_GF_RGB-1536x439.png 1536w, https:\/\/netzforma.org\/wp-content\/uploads\/2022\/12\/LZ_Logo_H_GF_RGB-2048x586.png 2048w\" sizes=\"auto, (max-width: 1024px) 100vw, 1024px\" \/><\/figure>\n<\/div>\n\n\n\n<div class=\"wp-block-column is-layout-flow wp-block-column-is-layout-flow\" style=\"flex-basis:50%\">\n<p><\/p>\n<\/div>\n<\/div>\n","protected":false},"excerpt":{"rendered":"<p>(F\u00fcr-)Sorge (Care) als zentraler feministischer Begriff h\u00e4lt nicht erst seit Beginn der COVID-Pandemie 2020 Eingang in zahlreiche wissenschaftliche wie \u00f6ffentliche Diskussionen. Vielmehr stellt er einen grundlegenden Begriff und Ausgangspunkt feministischen Nachdenkens und intersektionaler K\u00e4mpfe der letzten Jahrzehnte dar: F\u00fcrsorge umfasst vielf\u00e4ltige T\u00e4tigkeiten. Aus politisch-feministischer Sicht verweist der Begriff auf spezifische T\u00e4tigkeiten des sich K\u00fcmmerns und [&hellip;]<\/p>\n","protected":false},"author":1,"featured_media":1569,"parent":98,"menu_order":0,"comment_status":"closed","ping_status":"closed","template":"","meta":{"footnotes":""},"class_list":["post-1275","page","type-page","status-publish","has-post-thumbnail","hentry"],"translation":{"provider":"WPGlobus","version":"3.0.0","language":"en","enabled_languages":["de","en"],"languages":{"de":{"title":true,"content":true,"excerpt":false},"en":{"title":false,"content":false,"excerpt":false}}},"yoast_head":"<!-- This site is optimized with the Yoast SEO plugin v26.3 - https:\/\/yoast.com\/wordpress\/plugins\/seo\/ -->\n<title>Care &amp; Digitalisierung - Reproduktion in der digitalisierten Gesellschaft. Ein Dossier - Netzforma* e.V.<\/title>\n<meta name=\"robots\" content=\"index, follow, max-snippet:-1, max-image-preview:large, max-video-preview:-1\" \/>\n<link rel=\"canonical\" href=\"https:\/\/netzforma.org\/themen\/dossier-care-digitalisierung\" \/>\n<meta property=\"og:locale\" content=\"en_US\" \/>\n<meta property=\"og:type\" content=\"article\" \/>\n<meta property=\"og:title\" content=\"Care &amp; Digitalisierung - Reproduktion in der digitalisierten Gesellschaft. Ein Dossier - Netzforma* e.V.\" \/>\n<meta property=\"og:url\" content=\"https:\/\/netzforma.org\/themen\/dossier-care-digitalisierung\" \/>\n<meta property=\"og:site_name\" content=\"Netzforma* e.V.\" \/>\n<meta property=\"article:modified_time\" content=\"2022-12-30T19:26:38+00:00\" \/>\n<meta property=\"og:image\" content=\"https:\/\/netzforma.org\/wp-content\/uploads\/2022\/12\/Key-Visual.jpeg\" \/>\n\t<meta property=\"og:image:width\" content=\"2400\" \/>\n\t<meta property=\"og:image:height\" content=\"1800\" \/>\n\t<meta property=\"og:image:type\" content=\"image\/jpeg\" \/>\n<meta name=\"twitter:card\" content=\"summary_large_image\" \/>\n<meta name=\"twitter:label1\" content=\"Est. reading time\" \/>\n\t<meta name=\"twitter:data1\" content=\"13 minutes\" \/>\n<script type=\"application\/ld+json\" class=\"yoast-schema-graph\">{\"@context\":\"https:\/\/schema.org\",\"@graph\":[{\"@type\":\"WebPage\",\"@id\":\"https:\/\/netzforma.org\/themen\/dossier-care-digitalisierung\",\"url\":\"https:\/\/netzforma.org\/themen\/dossier-care-digitalisierung\",\"name\":\"Care & Digitalisierung - Reproduktion in der digitalisierten Gesellschaft. Ein Dossier - Netzforma* e.V.\",\"isPartOf\":{\"@id\":\"https:\/\/netzforma.org\/#website\"},\"primaryImageOfPage\":{\"@id\":\"https:\/\/netzforma.org\/themen\/dossier-care-digitalisierung#primaryimage\"},\"image\":{\"@id\":\"https:\/\/netzforma.org\/themen\/dossier-care-digitalisierung#primaryimage\"},\"thumbnailUrl\":\"https:\/\/netzforma.org\/wp-content\/uploads\/2022\/12\/Key-Visual.jpeg\",\"datePublished\":\"2022-11-12T13:11:59+00:00\",\"dateModified\":\"2022-12-30T19:26:38+00:00\",\"breadcrumb\":{\"@id\":\"https:\/\/netzforma.org\/themen\/dossier-care-digitalisierung#breadcrumb\"},\"inLanguage\":\"en-US\",\"potentialAction\":[{\"@type\":\"ReadAction\",\"target\":[\"https:\/\/netzforma.org\/themen\/dossier-care-digitalisierung\"]}]},{\"@type\":\"ImageObject\",\"inLanguage\":\"en-US\",\"@id\":\"https:\/\/netzforma.org\/themen\/dossier-care-digitalisierung#primaryimage\",\"url\":\"https:\/\/netzforma.org\/wp-content\/uploads\/2022\/12\/Key-Visual.jpeg\",\"contentUrl\":\"https:\/\/netzforma.org\/wp-content\/uploads\/2022\/12\/Key-Visual.jpeg\",\"width\":2400,\"height\":1800,\"caption\":\"Illustration: Lucie Langston\"},{\"@type\":\"BreadcrumbList\",\"@id\":\"https:\/\/netzforma.org\/themen\/dossier-care-digitalisierung#breadcrumb\",\"itemListElement\":[{\"@type\":\"ListItem\",\"position\":1,\"name\":\"Startseite\",\"item\":\"https:\/\/netzforma.org\/\"},{\"@type\":\"ListItem\",\"position\":2,\"name\":\"Themen\",\"item\":\"https:\/\/netzforma.org\/themen\"},{\"@type\":\"ListItem\",\"position\":3,\"name\":\"Care &#038; Digitalisierung &#8211; Reproduktion in der digitalisierten Gesellschaft. Ein Dossier\"}]},{\"@type\":\"WebSite\",\"@id\":\"https:\/\/netzforma.org\/#website\",\"url\":\"https:\/\/netzforma.org\/\",\"name\":\"Netzforma* e.V.\",\"description\":\"Verein f\u00fcr feministsiche Netzpolitik\",\"publisher\":{\"@id\":\"https:\/\/netzforma.org\/#organization\"},\"potentialAction\":[{\"@type\":\"SearchAction\",\"target\":{\"@type\":\"EntryPoint\",\"urlTemplate\":\"https:\/\/netzforma.org\/?s={search_term_string}\"},\"query-input\":{\"@type\":\"PropertyValueSpecification\",\"valueRequired\":true,\"valueName\":\"search_term_string\"}}],\"inLanguage\":\"en-US\"},{\"@type\":\"Organization\",\"@id\":\"https:\/\/netzforma.org\/#organization\",\"name\":\"Netzforma* e.V.\",\"url\":\"https:\/\/netzforma.org\/\",\"logo\":{\"@type\":\"ImageObject\",\"inLanguage\":\"en-US\",\"@id\":\"https:\/\/netzforma.org\/#\/schema\/logo\/image\/\",\"url\":\"https:\/\/netzforma.org\/wp-content\/uploads\/2018\/04\/cropped-netzforma_512_quadrat-5.png\",\"contentUrl\":\"https:\/\/netzforma.org\/wp-content\/uploads\/2018\/04\/cropped-netzforma_512_quadrat-5.png\",\"width\":177,\"height\":182,\"caption\":\"Netzforma* e.V.\"},\"image\":{\"@id\":\"https:\/\/netzforma.org\/#\/schema\/logo\/image\/\"}}]}<\/script>\n<!-- \/ Yoast SEO plugin. -->","yoast_head_json":{"title":"Care & Digitalisierung - Reproduktion in der digitalisierten Gesellschaft. Ein Dossier - Netzforma* e.V.","robots":{"index":"index","follow":"follow","max-snippet":"max-snippet:-1","max-image-preview":"max-image-preview:large","max-video-preview":"max-video-preview:-1"},"canonical":"https:\/\/netzforma.org\/themen\/dossier-care-digitalisierung","og_locale":"en_US","og_type":"article","og_title":"Care & Digitalisierung - Reproduktion in der digitalisierten Gesellschaft. Ein Dossier - Netzforma* e.V.","og_url":"https:\/\/netzforma.org\/themen\/dossier-care-digitalisierung","og_site_name":"Netzforma* e.V.","article_modified_time":"2022-12-30T19:26:38+00:00","og_image":[{"width":2400,"height":1800,"url":"https:\/\/netzforma.org\/wp-content\/uploads\/2022\/12\/Key-Visual.jpeg","type":"image\/jpeg"}],"twitter_card":"summary_large_image","twitter_misc":{"Est. reading time":"13 minutes"},"schema":{"@context":"https:\/\/schema.org","@graph":[{"@type":"WebPage","@id":"https:\/\/netzforma.org\/themen\/dossier-care-digitalisierung","url":"https:\/\/netzforma.org\/themen\/dossier-care-digitalisierung","name":"Care & Digitalisierung - Reproduktion in der digitalisierten Gesellschaft. Ein Dossier - Netzforma* e.V.","isPartOf":{"@id":"https:\/\/netzforma.org\/#website"},"primaryImageOfPage":{"@id":"https:\/\/netzforma.org\/themen\/dossier-care-digitalisierung#primaryimage"},"image":{"@id":"https:\/\/netzforma.org\/themen\/dossier-care-digitalisierung#primaryimage"},"thumbnailUrl":"https:\/\/netzforma.org\/wp-content\/uploads\/2022\/12\/Key-Visual.jpeg","datePublished":"2022-11-12T13:11:59+00:00","dateModified":"2022-12-30T19:26:38+00:00","breadcrumb":{"@id":"https:\/\/netzforma.org\/themen\/dossier-care-digitalisierung#breadcrumb"},"inLanguage":"en-US","potentialAction":[{"@type":"ReadAction","target":["https:\/\/netzforma.org\/themen\/dossier-care-digitalisierung"]}]},{"@type":"ImageObject","inLanguage":"en-US","@id":"https:\/\/netzforma.org\/themen\/dossier-care-digitalisierung#primaryimage","url":"https:\/\/netzforma.org\/wp-content\/uploads\/2022\/12\/Key-Visual.jpeg","contentUrl":"https:\/\/netzforma.org\/wp-content\/uploads\/2022\/12\/Key-Visual.jpeg","width":2400,"height":1800,"caption":"Illustration: Lucie Langston"},{"@type":"BreadcrumbList","@id":"https:\/\/netzforma.org\/themen\/dossier-care-digitalisierung#breadcrumb","itemListElement":[{"@type":"ListItem","position":1,"name":"Startseite","item":"https:\/\/netzforma.org\/"},{"@type":"ListItem","position":2,"name":"Themen","item":"https:\/\/netzforma.org\/themen"},{"@type":"ListItem","position":3,"name":"Care &#038; Digitalisierung &#8211; Reproduktion in der digitalisierten Gesellschaft. Ein Dossier"}]},{"@type":"WebSite","@id":"https:\/\/netzforma.org\/#website","url":"https:\/\/netzforma.org\/","name":"Netzforma* e.V.","description":"Verein f\u00fcr feministsiche Netzpolitik","publisher":{"@id":"https:\/\/netzforma.org\/#organization"},"potentialAction":[{"@type":"SearchAction","target":{"@type":"EntryPoint","urlTemplate":"https:\/\/netzforma.org\/?s={search_term_string}"},"query-input":{"@type":"PropertyValueSpecification","valueRequired":true,"valueName":"search_term_string"}}],"inLanguage":"en-US"},{"@type":"Organization","@id":"https:\/\/netzforma.org\/#organization","name":"Netzforma* e.V.","url":"https:\/\/netzforma.org\/","logo":{"@type":"ImageObject","inLanguage":"en-US","@id":"https:\/\/netzforma.org\/#\/schema\/logo\/image\/","url":"https:\/\/netzforma.org\/wp-content\/uploads\/2018\/04\/cropped-netzforma_512_quadrat-5.png","contentUrl":"https:\/\/netzforma.org\/wp-content\/uploads\/2018\/04\/cropped-netzforma_512_quadrat-5.png","width":177,"height":182,"caption":"Netzforma* e.V."},"image":{"@id":"https:\/\/netzforma.org\/#\/schema\/logo\/image\/"}}]}},"jetpack_sharing_enabled":true,"_links":{"self":[{"href":"https:\/\/netzforma.org\/en\/wp-json\/wp\/v2\/pages\/1275","targetHints":{"allow":["GET"]}}],"collection":[{"href":"https:\/\/netzforma.org\/en\/wp-json\/wp\/v2\/pages"}],"about":[{"href":"https:\/\/netzforma.org\/en\/wp-json\/wp\/v2\/types\/page"}],"author":[{"embeddable":true,"href":"https:\/\/netzforma.org\/en\/wp-json\/wp\/v2\/users\/1"}],"replies":[{"embeddable":true,"href":"https:\/\/netzforma.org\/en\/wp-json\/wp\/v2\/comments?post=1275"}],"version-history":[{"count":70,"href":"https:\/\/netzforma.org\/en\/wp-json\/wp\/v2\/pages\/1275\/revisions"}],"predecessor-version":[{"id":2124,"href":"https:\/\/netzforma.org\/en\/wp-json\/wp\/v2\/pages\/1275\/revisions\/2124"}],"up":[{"embeddable":true,"href":"https:\/\/netzforma.org\/en\/wp-json\/wp\/v2\/pages\/98"}],"wp:featuredmedia":[{"embeddable":true,"href":"https:\/\/netzforma.org\/en\/wp-json\/wp\/v2\/media\/1569"}],"wp:attachment":[{"href":"https:\/\/netzforma.org\/en\/wp-json\/wp\/v2\/media?parent=1275"}],"curies":[{"name":"wp","href":"https:\/\/api.w.org\/{rel}","templated":true}]}}